{"id":232,"date":"2019-08-14T07:28:17","date_gmt":"2019-08-14T05:28:17","guid":{"rendered":"http:\/\/wordpress.konska-osuvky.cz\/?page_id=232"},"modified":"2026-01-20T10:57:34","modified_gmt":"2026-01-20T08:57:34","slug":"kontakty","status":"publish","type":"page","link":"https:\/\/spolek.konska-osuvky.cz\/en\/kontakty\/","title":{"rendered":"Kontakty"},"content":{"rendered":"<style><span data-mce-type=\"bookmark\" style=\"display: inline-block; width: 0px; overflow: hidden; line-height: 0;\" class=\"mce_SELRES_start\">\ufeff<\/span><br \/>  .zk-table { border-collapse: collapse; width:100%; }<br \/>  .zk-table th, .zk-table td {<br \/>    border:1px solid #ddd;<br \/>    padding:8px 10px;<br \/>    text-align:left;<br \/>    vertical-align:top;<br \/>    font-family:helvetica,arial,sans-serif;<br \/>  }<br \/>  .zk-table thead th {<br \/>    background:#d6d6d6;<br \/>    font-size:14pt;<br \/>  }<\/p>\n<p>  \/* DOPL\u0147KOV\u00dd TEXT: \u0161ed\u00fd (pou\u017eije se hlavn\u011b v aktu\u00e1ln\u00edch kontaktech) *\/<br \/>  .zk-muted { color:#a9a9a9; }<\/p>\n<p>  \/* D\u0158\u00cdV\u011aJ\u0160\u00cd ROKY: v\u0161e \u0161ed\u00e9 *\/<br \/>  .zk-old { color:#999; font-size:12pt; }<\/p>\n<p>  \/* v d\u0159\u00edv\u011bj\u0161\u00edch letech nech i \"dopl\u0148ky\" stejnou \u0161edou (a\u0165 nic nevy\u010dn\u00edv\u00e1) *\/<br \/>  .zk-old .zk-muted { color:inherit; }<\/p>\n<p>  .zk-spacer td { border:none; padding:10px 0; }<br \/><\/style>\n<p><!-- ================= AKTU\u00c1LN\u00cd KONTAKTY ================= --><\/p>\n<table class=\"zk-table\">\n<thead>\n<tr>\n<th style=\"width: 25%;\">Jm\u00e9no<\/th>\n<th>Funkce<\/th>\n<th style=\"width: 16%;\">Telefon<\/th>\n<th style=\"width: 22%;\">E-mail<\/th>\n<\/tr>\n<\/thead>\n<tbody>\n<tr>\n<td>Mirek Kula<\/td>\n<td>P\u0159edseda <span style=\"color: #999999;\">jednatel<\/span><\/td>\n<td>+420 732 718 938<\/td>\n<td><a href=\"mailto:mirek.kulla@seznam.cz\">mirek.kulla@seznam.cz<\/a><\/td>\n<\/tr>\n<tr>\n<td>Mgr. David Konderla<\/td>\n<td>M\u00edstop\u0159edseda <span class=\"zk-muted\" style=\"color: #999999;\">vy\u0159izov\u00e1n\u00ed grant\u016f, spr\u00e1va Facebooku, pr\u00e1vn\u00ed dozor<\/span><\/td>\n<td>+420 608 904 476<\/td>\n<td><a href=\"mailto:kon.da@seznam.cz\">kon.da@seznam.cz<\/a><\/td>\n<\/tr>\n<tr>\n<td>Roman Szturc<\/td>\n<td>M\u00edstop\u0159edseda<\/td>\n<td>+420 776 839 862<\/td>\n<td><a href=\"mailto:szturc.r@seznam.cz\">szturc.r@seznam.cz<\/a><\/td>\n<\/tr>\n<tr>\n<td>Ilona Konderlov\u00e1<\/td>\n<td>\u010clen v\u00fdboru <span class=\"zk-muted\" style=\"color: #999999;\">pokladn\u00ed<\/span><\/td>\n<td>+420 776 841 720<\/td>\n<td><a href=\"mailto:konderlova.i@seznam.cz\">konderlova.i@seznam.cz<\/a><\/td>\n<\/tr>\n<tr>\n<td>Pavl\u00edna Skupie\u0148ov\u00e1<\/td>\n<td>\u010clen v\u00fdboru <span class=\"zk-muted\" style=\"color: #999999;\">spr\u00e1va klubovny, n\u00e1st\u011bnky, propagace<\/span><\/td>\n<td>+420 731 416 172<\/td>\n<td><a href=\"mailto:pavlinaskupienova@seznam.cz\">pavlinaskupienova@seznam.cz<\/a><\/td>\n<\/tr>\n<tr>\n<td>Jana \u0160matlavov\u00e1<\/td>\n<td>\u010clen v\u00fdboru <span class=\"zk-muted\" style=\"color: #999999;\">spr\u00e1va klubovny<\/span><\/td>\n<td>+420 728 313 875<\/td>\n<td><a href=\"mailto:jana-smatlavova@seznam.cz\">jana-smatlavova@seznam.cz<\/a><\/td>\n<\/tr>\n<tr>\n<td>Helena Kullov\u00e1<\/td>\n<td>\u010clen v\u00fdboru <span class=\"zk-muted\" style=\"color: #999999;\">kulturn\u00ed referent<\/span><\/td>\n<td>+420 607 867 107<\/td>\n<td>&nbsp;<\/td>\n<\/tr>\n<tr>\n<td>Bc. Mark\u00e9ta Kulov\u00e1<\/td>\n<td>\u010clen v\u00fdboru <span class=\"zk-muted\" style=\"color: #999999;\">zapisovatel, spr\u00e1va n\u00e1st\u011bnky<\/span><\/td>\n<td>+420 732 932 089<\/td>\n<td><a href=\"mailto:markul33@seznam.cz\">markul33@seznam.cz<\/a><\/td>\n<\/tr>\n<tr>\n<td>Ing. Michal Gawlowski<\/td>\n<td>\u010clen v\u00fdboru <span class=\"zk-muted\" style=\"color: #999999;\">administrace webu, sportovn\u00ed aktivity<\/span><\/td>\n<td>+420 603 577 882<\/td>\n<td><a href=\"mailto:gawlomic@gmail.com\">gawlomic@gmail.com<\/a><\/td>\n<\/tr>\n<\/tbody>\n<\/table>\n<p>&nbsp;<\/p>\n<p><!-- ================= D\u0158\u00cdV\u011aJ\u0160\u00cd ROKY ================= --><\/p>\n<p style=\"font-size: 18px;\">Slo\u017een\u00ed v\u00fdbor\u016f spolku \u201eZa rozvoj Konsk\u00e9\u201c v d\u0159\u00edv\u011bj\u0161\u00edch letech:<\/p>\n<table class=\"zk-table zk-old\">\n<tbody><!-- 2024\u20132025 --><\/p>\n<tr>\n<td style=\"border: none; text-align: center; font-weight: bold; color: #000; padding: 12px 0;\" colspan=\"2\">&nbsp;<\/td>\n<\/tr>\n<tr>\n<td style=\"border: none; text-align: center; font-weight: bold; color: #000; padding: 0px 0;\" colspan=\"2\">2024\u20132025<\/td>\n<\/tr>\n<tr>\n<td><span style=\"color: #999999;\">Ing. Tadeusz Czapla<\/span><\/td>\n<td><span style=\"color: #999999;\">P\u0159edseda \u2013 jednatel<\/span><\/td>\n<\/tr>\n<tr>\n<td><span style=\"color: #999999;\">Bc. Luk\u00e1\u0161 Kulla<\/span><\/td>\n<td><span style=\"color: #999999;\">M\u00edstop\u0159edseda &#8211; <span class=\"zk-muted\">administrace webov\u00fdch str\u00e1nek a FB, propagace v elektronick\u00e9 podob\u011b<\/span><\/span><\/td>\n<\/tr>\n<tr>\n<td><span style=\"color: #999999;\">Mgr. David Konderla<\/span><\/td>\n<td><span style=\"color: #999999;\">M\u00edstop\u0159edseda &#8211; vy\u0159izov\u00e1n\u00ed <span class=\"zk-muted\">grant\u016f, pr\u00e1vn\u00ed dozor<\/span><\/span><\/td>\n<\/tr>\n<tr>\n<td><span style=\"color: #999999;\">Ilona Konderlov\u00e1<\/span><\/td>\n<td><span style=\"color: #999999;\">\u010clen v\u00fdboru &#8211; <\/span><span class=\"zk-muted\" style=\"color: #999999;\">pokladn\u00ed a zapisovatel<\/span><\/td>\n<\/tr>\n<tr>\n<td><span style=\"color: #999999;\">Pavl\u00edna Skupie\u0148ov\u00e1<\/span><\/td>\n<td><span style=\"color: #999999;\">\u010clen v\u00fdboru &#8211; <\/span><span class=\"zk-muted\" style=\"color: #999999;\">spr\u00e1va klubovny, spr\u00e1va n\u00e1st\u011bnky a propagace ve fyzick\u00e9 podob\u011b<\/span><\/td>\n<\/tr>\n<tr>\n<td><span style=\"color: #999999;\">Jana \u0160matlavov\u00e1<\/span><\/td>\n<td><span style=\"color: #999999;\">\u010clen v\u00fdboru &#8211; <\/span><span class=\"zk-muted\" style=\"color: #999999;\">spr\u00e1va klubovny<\/span><\/td>\n<\/tr>\n<tr>\n<td><span style=\"color: #999999;\">Helena Kullov\u00e1<\/span><\/td>\n<td><span style=\"color: #999999;\">\u010clen v\u00fdboru &#8211; <\/span><span class=\"zk-muted\" style=\"color: #999999;\">spr\u00e1va klubovny<\/span><\/td>\n<\/tr>\n<p><!-- 2023\u20132024 --><\/p>\n<tr>\n<td style=\"border: none; text-align: center; font-weight: bold; color: #000; padding: 12px 0;\" colspan=\"2\">&nbsp;<\/td>\n<\/tr>\n<tr>\n<td style=\"border: none; text-align: center; font-weight: bold; color: #000; padding: 0px 0;\" colspan=\"2\">2023\u20132024<\/td>\n<\/tr>\n<tr>\n<td><span style=\"color: #999999;\">Ing. Tadeusz Czapla<\/span><\/td>\n<td><span style=\"color: #999999;\">P\u0159edseda \u2013 jednatel<\/span><\/td>\n<\/tr>\n<tr>\n<td><span style=\"color: #999999;\">Bc. Luk\u00e1\u0161 Kulla<\/span><\/td>\n<td><span style=\"color: #999999;\">M\u00edstop\u0159edseda &#8211; <span class=\"zk-muted\">administrace webov\u00fdch str\u00e1nek a FB, propagace v elektronick\u00e9 podob\u011b<\/span><\/span><\/td>\n<\/tr>\n<tr>\n<td><span style=\"color: #999999;\">Mgr. David Konderla<\/span><\/td>\n<td><span style=\"color: #999999;\">M\u00edstop\u0159edseda &#8211; <span class=\"zk-muted\">grant\u016f, pr\u00e1vn\u00ed dozor<\/span><\/span><\/td>\n<\/tr>\n<tr>\n<td><span style=\"color: #999999;\">Ing. Ond\u0159ej Kulla, Ph.D.<\/span><\/td>\n<td><span style=\"color: #999999;\">\u010clen v\u00fdboru &#8211; <\/span><span class=\"zk-muted\" style=\"color: #999999;\">pokladn\u00ed a zapisovatel<\/span><\/td>\n<\/tr>\n<tr>\n<td><span style=\"color: #999999;\">Pavl\u00edna Skupie\u0148ov\u00e1<\/span><\/td>\n<td><span style=\"color: #999999;\">\u010clen v\u00fdboru &#8211; <\/span><span class=\"zk-muted\" style=\"color: #999999;\">spr\u00e1va klubovny, spr\u00e1va n\u00e1st\u011bnky a propagace ve fyzick\u00e9 podob\u011b<\/span><\/td>\n<\/tr>\n<tr>\n<td><span style=\"color: #999999;\">Jana \u0160matlavov\u00e1<\/span><\/td>\n<td><span style=\"color: #999999;\">\u010clen v\u00fdboru &#8211; <\/span><span class=\"zk-muted\" style=\"color: #999999;\">spr\u00e1va klubovny<\/span><\/td>\n<\/tr>\n<tr>\n<td><span style=\"color: #999999;\">Helena Kullov\u00e1<\/span><\/td>\n<td><span style=\"color: #999999;\">\u010clen v\u00fdboru &#8211; <\/span><span class=\"zk-muted\" style=\"color: #999999;\">spr\u00e1va klubovny<\/span><\/td>\n<\/tr>\n<p><!-- 2018\u20132023 --><\/p>\n<tr>\n<td style=\"border: none; text-align: center; font-weight: bold; color: #000; padding: 12px 0;\" colspan=\"2\">&nbsp;<\/td>\n<\/tr>\n<tr>\n<td style=\"border: none; text-align: center; font-weight: bold; color: #000; padding: 0px 0;\" colspan=\"2\">2018\u20132023<\/td>\n<\/tr>\n<tr>\n<td><span style=\"color: #999999;\">Ing. Tadeusz Czapla<\/span><\/td>\n<td><span style=\"color: #999999;\">P\u0159edseda<\/span><\/td>\n<\/tr>\n<tr>\n<td><span style=\"color: #999999;\">Bc. Luk\u00e1\u0161 Kulla<\/span><\/td>\n<td><span style=\"color: #999999;\">M\u00edstop\u0159edseda &#8211; <span class=\"zk-muted\">administrace webov\u00fdch str\u00e1nek a FB, propagace v elektronick\u00e9 podob\u011b<\/span><\/span><\/td>\n<\/tr>\n<tr>\n<td><span style=\"color: #999999;\">Mgr. David Konderla<\/span><\/td>\n<td><span style=\"color: #999999;\">M\u00edstop\u0159edseda &#8211; <span class=\"zk-muted\">grant\u016f, pr\u00e1vn\u00ed dozor<\/span><\/span><\/td>\n<\/tr>\n<tr>\n<td><span style=\"color: #999999;\">Mgr. et Mgr. Ta\u0165\u00e1na Sobelov\u00e1 Kokotkov\u00e1<\/span><\/td>\n<td><span class=\"zk-muted\" style=\"color: #999999;\"><span style=\"color: #999999;\">\u010clen v\u00fdboru &#8211; <\/span>pokladn\u00ed a zapisovatelka<\/span><\/td>\n<\/tr>\n<tr>\n<td><span style=\"color: #999999;\">Pavl\u00edna Skupie\u0148ov\u00e1<\/span><\/td>\n<td><span style=\"color: #999999;\">\u010clen v\u00fdboru &#8211; spr\u00e1va klubovny, <span class=\"zk-muted\">spr\u00e1va n\u00e1st\u011bnky a propagace ve fyzick\u00e9 podob\u011b<\/span><\/span><\/td>\n<\/tr>\n<tr>\n<td><span style=\"color: #999999;\">Jana \u0160matlavov\u00e1<\/span><\/td>\n<td><span style=\"color: #999999;\">\u010clen v\u00fdboru &#8211; spr\u00e1va klubovny<\/span><\/td>\n<\/tr>\n<tr>\n<td><span style=\"color: #999999;\">Helena Kullov\u00e1<\/span><\/td>\n<td><span style=\"color: #999999;\">\u010clen v\u00fdboru &#8211; spr\u00e1va klubovny<\/span><\/td>\n<\/tr>\n<p><!-- 2017\u20132018 --><\/p>\n<tr>\n<td style=\"border: none; text-align: center; font-weight: bold; color: #000; padding: 12px 0;\" colspan=\"2\">&nbsp;<\/td>\n<\/tr>\n<tr>\n<td style=\"border: none; text-align: center; font-weight: bold; color: #000; padding: 0px 0;\" colspan=\"2\">2017\u20132018<\/td>\n<\/tr>\n<tr>\n<td><span style=\"color: #999999;\">Ing. Tadeusz Czapla<\/span><\/td>\n<td><span style=\"color: #999999;\">P\u0159edseda<\/span><\/td>\n<\/tr>\n<tr>\n<td><span style=\"color: #999999;\">Denisa Ml\u010dochov\u00e1<\/span><\/td>\n<td><span style=\"color: #999999;\">M\u00edstop\u0159edsedkyn\u011b<\/span><\/td>\n<\/tr>\n<tr>\n<td><span style=\"color: #999999;\">Bc. Dominika Konderlov\u00e1<\/span><\/td>\n<td><span style=\"color: #999999;\">M\u00edstop\u0159edsedkyn\u011b &#8211; <span class=\"zk-muted\">pokladn\u00ed<\/span><\/span><\/td>\n<\/tr>\n<tr>\n<td><span style=\"color: #999999;\">Mgr. David Konderla<\/span><\/td>\n<td><span style=\"color: #999999;\">\u010clen v\u00fdboru<\/span><\/td>\n<\/tr>\n<tr>\n<td><span style=\"color: #999999;\">Ing. Richard Sobel<\/span><\/td>\n<td><span style=\"color: #999999;\">\u010clen v\u00fdboru<\/span><\/td>\n<\/tr>\n<tr>\n<td><span style=\"color: #999999;\">Jana \u0160matlavov\u00e1<\/span><\/td>\n<td><span style=\"color: #999999;\">\u010clen v\u00fdboru &#8211; spr\u00e1vkyn\u011b klubovny<\/span><\/td>\n<\/tr>\n<tr>\n<td><span style=\"color: #999999;\">Helena Kullov\u00e1<\/span><\/td>\n<td><span style=\"color: #999999;\">\u010clen v\u00fdboru<\/span><\/td>\n<\/tr>\n<tr>\n<td><span style=\"color: #999999;\">Jana Gelnarov\u00e1<\/span><\/td>\n<td><span style=\"color: #999999;\">\u010clen v\u00fdboru &#8211; n\u00e1st\u011bnk\u00e1\u0159<\/span><\/td>\n<\/tr>\n<tr>\n<td><span style=\"color: #999999;\">Ing. Stanislav Ml\u010doch<\/span><\/td>\n<td><span style=\"color: #999999;\">\u010clen v\u00fdboru &#8211; zapisovatel<\/span><\/td>\n<\/tr>\n<p><!-- 2013\u20132017 --><\/p>\n<tr>\n<td style=\"border: none; text-align: center; font-weight: bold; color: #000; padding: 12px 0;\" colspan=\"2\">&nbsp;<\/td>\n<\/tr>\n<tr>\n<td style=\"border: none; text-align: center; font-weight: bold; color: #000; padding: 0px 0;\" colspan=\"2\">2013\u20132017<\/td>\n<\/tr>\n<tr>\n<td><span style=\"color: #999999;\">Mgr. David Konderla<\/span><\/td>\n<td><span style=\"color: #999999;\">P\u0159edseda<\/span><\/td>\n<\/tr>\n<p><!-- 2011\u20132013 --><\/p>\n<tr>\n<td style=\"border: none; text-align: center; font-weight: bold; color: #000; padding: 12px 0;\" colspan=\"2\">&nbsp;<\/td>\n<\/tr>\n<tr>\n<td style=\"border: none; text-align: center; font-weight: bold; color: #000; padding: 0px 0;\" colspan=\"2\">2011\u20132013<\/td>\n<\/tr>\n<tr>\n<td><span style=\"color: #999999;\">Zden\u011bk Sikora<\/span><\/td>\n<td><span style=\"color: #999999;\">P\u0159edseda<\/span><\/td>\n<\/tr>\n<p><!-- 2008\u20132011 --><\/p>\n<tr>\n<td style=\"border: none; text-align: center; font-weight: bold; color: #000; padding: 12px 0;\" colspan=\"2\">&nbsp;<\/td>\n<\/tr>\n<tr>\n<td style=\"border: none; text-align: center; font-weight: bold; color: #000; padding: 0px 0;\" colspan=\"2\">2008\u20132011<\/td>\n<\/tr>\n<tr>\n<td><span style=\"color: #999999;\">MUDr. Tade\u00e1\u0161 Karzel<\/span><\/td>\n<td><span style=\"color: #999999;\">P\u0159edseda<\/span><\/td>\n<\/tr>\n<tr>\n<td><span style=\"color: #999999;\">Zden\u011bk Sikora<\/span><\/td>\n<td><span style=\"color: #999999;\">M\u00edstop\u0159edseda<\/span><\/td>\n<\/tr>\n<tr>\n<td><span style=\"color: #999999;\">Franti\u0161ek Kulla<\/span><\/td>\n<td><span style=\"color: #999999;\">M\u00edstop\u0159edseda<\/span><\/td>\n<\/tr>\n<tr>\n<td><span style=\"color: #999999;\">Ing. Adam Walach<\/span><\/td>\n<td><span style=\"color: #999999;\">Pokladn\u00ed<\/span><\/td>\n<\/tr>\n<tr>\n<td><span style=\"color: #999999;\">Andrea Lipowsk\u00e1<\/span><\/td>\n<td><span style=\"color: #999999;\">\u010clen v\u00fdboru &#8211; <span class=\"zk-muted\">zapisovatelka 2008\u20132009<\/span><\/span><\/td>\n<\/tr>\n<tr>\n<td><span style=\"color: #999999;\">Luk\u00e1\u0161 Kulla<\/span><\/td>\n<td><span style=\"color: #999999;\">\u010clen v\u00fdboru<\/span><\/td>\n<\/tr>\n<tr>\n<td><span style=\"color: #999999;\">Aurelie Frydov\u00e1<\/span><\/td>\n<td><span style=\"color: #999999;\">\u010clen v\u00fdboru<\/span><\/td>\n<\/tr>\n<tr>\n<td><span style=\"color: #999999;\">Jan Nieslanik<\/span><\/td>\n<td><span style=\"color: #999999;\">\u010clen v\u00fdboru<\/span><\/td>\n<\/tr>\n<tr>\n<td><span style=\"color: #999999;\">Alena Sobelov\u00e1<\/span><\/td>\n<td><span class=\"zk-muted\" style=\"color: #999999;\"><span style=\"color: #999999;\">\u010clen v\u00fdboru &#8211; <\/span>zapisovatelka 2009\u20132011<\/span><\/td>\n<\/tr>\n<tr>\n<td style=\"border: none; text-align: center; font-weight: bold; color: #000; padding: 12px 0;\" colspan=\"2\">&nbsp;<\/td>\n<\/tr>\n<tr>\n<td style=\"border: none; text-align: center; font-weight: bold; color: #000; padding: 0px 0;\" colspan=\"2\">2005\u20132008<\/td>\n<\/tr>\n<tr>\n<td><span style=\"color: #999999;\">MUDr. Tade\u00e1\u0161 Karzel<\/span><\/td>\n<td><span style=\"color: #999999;\">P\u0159edseda<\/span><\/td>\n<\/tr>\n<tr>\n<td><span style=\"color: #999999;\">Miroslav Kulla<\/span><\/td>\n<td><span style=\"color: #999999;\">\u010clen v\u00fdboru<\/span><\/td>\n<\/tr>\n<tr>\n<td><span style=\"color: #999999;\">David Szkandera<\/span><\/td>\n<td><span style=\"color: #999999;\">\u010clen v\u00fdboru<\/span><\/td>\n<\/tr>\n<tr>\n<td><span style=\"color: #999999;\">Ilona Konderlov\u00e1<\/span><\/td>\n<td><span class=\"zk-muted\" style=\"color: #999999;\"><span style=\"color: #999999;\">\u010clen v\u00fdboru &#8211; <\/span>Zapisovatelka<\/span><\/td>\n<\/tr>\n<tr>\n<td><span style=\"color: #999999;\">Ing. Adam Walach<\/span><\/td>\n<td><span style=\"color: #999999;\">\u010clen v\u00fdboru &#8211; Pokladn\u00ed<\/span><\/td>\n<\/tr>\n<\/tbody>\n<\/table>","protected":false},"excerpt":{"rendered":"<p>Jm\u00e9no Funkce Telefon E-mail Mirek Kula P\u0159edseda jednatel +420 732 718 938 mirek.kulla@seznam.cz Mgr. David Konderla M\u00edstop\u0159edseda vy\u0159izov\u00e1n\u00ed grant\u016f, spr\u00e1va Facebooku, pr\u00e1vn\u00ed dozor +420 608 904 476 kon.da@seznam.cz Roman Szturc M\u00edstop\u0159edseda +420 776 839 862 szturc.r@seznam.cz Ilona Konderlov\u00e1 \u010clen v\u00fdboru pokladn\u00ed +420 776 841 720 konderlova.i@seznam.cz Pavl\u00edna Skupie\u0148ov\u00e1 \u010clen v\u00fdboru spr\u00e1va klubovny, n\u00e1st\u011bnky, propagace +420 [&hellip;]<\/p>","protected":false},"author":1,"featured_media":0,"parent":0,"menu_order":0,"comment_status":"closed","ping_status":"closed","template":"","meta":{"ngg_post_thumbnail":0,"footnotes":""},"class_list":["post-232","page","type-page","status-publish","hentry"],"blog_post_layout_featured_media_urls":{"thumbnail":"","full":""},"categories_names":null,"comments_number":"0","wpmagazine_modules_lite_featured_media_urls":{"thumbnail":"","cvmm-medium":"","cvmm-medium-plus":"","cvmm-portrait":"","cvmm-medium-square":"","cvmm-large":"","cvmm-small":"","full":""},"_links":{"self":[{"href":"https:\/\/spolek.konska-osuvky.cz\/en\/wp-json\/wp\/v2\/pages\/232","targetHints":{"allow":["GET"]}}],"collection":[{"href":"https:\/\/spolek.konska-osuvky.cz\/en\/wp-json\/wp\/v2\/pages"}],"about":[{"href":"https:\/\/spolek.konska-osuvky.cz\/en\/wp-json\/wp\/v2\/types\/page"}],"author":[{"embeddable":true,"href":"https:\/\/spolek.konska-osuvky.cz\/en\/wp-json\/wp\/v2\/users\/1"}],"replies":[{"embeddable":true,"href":"https:\/\/spolek.konska-osuvky.cz\/en\/wp-json\/wp\/v2\/comments?post=232"}],"version-history":[{"count":63,"href":"https:\/\/spolek.konska-osuvky.cz\/en\/wp-json\/wp\/v2\/pages\/232\/revisions"}],"predecessor-version":[{"id":5544,"href":"https:\/\/spolek.konska-osuvky.cz\/en\/wp-json\/wp\/v2\/pages\/232\/revisions\/5544"}],"wp:attachment":[{"href":"https:\/\/spolek.konska-osuvky.cz\/en\/wp-json\/wp\/v2\/media?parent=232"}],"curies":[{"name":"wp","href":"https:\/\/api.w.org\/{rel}","templated":true}]}}